{"id":493,"date":"2019-02-03T12:37:58","date_gmt":"2019-02-03T12:37:58","guid":{"rendered":"https:\/\/www.ariasassessors.com\/home\/"},"modified":"2025-01-02T15:51:28","modified_gmt":"2025-01-02T14:51:28","slug":"home","status":"publish","type":"page","link":"https:\/\/www.ariasassessors.com\/ca\/","title":{"rendered":"Home"},"content":{"rendered":"<p>[vc_row css_animation=&#8221;element_from_fade&#8221; row_type=&#8221;row&#8221; use_row_as_full_screen_section=&#8221;no&#8221; type=&#8221;grid&#8221; angled_section=&#8221;no&#8221; text_align=&#8221;center&#8221; background_image_as_pattern=&#8221;without_pattern&#8221; el_class=&#8221;presentacion&#8221; z_index=&#8221;&#8221; css=&#8221;.vc_custom_1549521981174{margin-top: 80px !important;margin-bottom: 80px !important;}&#8221;][vc_column][vc_separator type=&#8221;transparent&#8221; up=&#8221;40&#8243; down=&#8221;10&#8243;][vc_column_text]<\/p>\n<h1>La teva assessoria a Barcelona<\/h1>\n<p>[\/vc_column_text][vc_column_text]Amb m\u00e9s de 25 anys d\u2019experi\u00e8ncia, Arias Assessors \u00e9s una assessoria situada al centre de Barcelona, que d\u00f3na resposta a les necessitats d\u2019<strong>aut\u00f2noms i professionals<\/strong>, aix\u00ed com a <strong>petita i mitjana empresa<\/strong>, per tal de complir amb les obligacions legals en les seves relacions amb les diferents administracions, Ag\u00e8ncia Tribut\u00e0ria, Seguretat Social, INEM i Ajuntaments, basant-nos en un tracte personalitzat, una gesti\u00f3 professional amb la utilitzaci\u00f3 de les noves tecnologies, i un tracte directe, senzill i de total confian\u00e7a, tot sempre amb pressupostos ajustats a la mida de cada client.[\/vc_column_text][vc_video link=&#8221;https:\/\/youtu.be\/eUfcV-8zNiU&#8221; css=&#8221;.vc_custom_1631692391362{margin-top: 32px !important;}&#8221;][\/vc_column][\/vc_row][vc_row css_animation=&#8221;&#8221; row_type=&#8221;row&#8221; use_row_as_full_screen_section=&#8221;no&#8221; type=&#8221;grid&#8221; angled_section=&#8221;no&#8221; text_align=&#8221;left&#8221; background_image_as_pattern=&#8221;without_pattern&#8221; css=&#8221;.vc_custom_1733937187993{margin-top: 35px !important;margin-bottom: 70px !important;}&#8221; z_index=&#8221;&#8221;][vc_column][vc_column_text css=&#8221;.vc_custom_1733937677546{margin-bottom: 24px !important;}&#8221;]<\/p>\n<h3 style=\"text-align: center;\">El Despatx<\/h3>\n<p>[\/vc_column_text]<div class=\"qode-advanced-image-gallery  qode-aig-carousel-type qode-medium-space  qode-image-behavior-lightbox \">\n\t<div class=\"qode-aig-slider qode-owl-slider\" data-number-of-items=\"3\" data-enable-loop=\"yes\" data-enable-autoplay=\"yes\" data-slider-speed=\"5000\" data-slider-speed-animation=\"600\" data-slider-padding=\"no\" data-enable-navigation=\"yes\" data-enable-pagination=\"yes\">\n\t\t\t\t\t<div class=\"qode-aig-image\">\n\t\t\t\t\t\t\t\t\t<a itemprop=\"image\" class=\"qode-aig-lightbox qode-block-drag-link\" href=\"https:\/\/www.ariasassessors.com\/wp-content\/uploads\/2024\/12\/despacho_arias_1.jpg\" data-rel=\"prettyPhoto[image_gallery_pretty_photo-950]\" title=\"despacho_arias_1\">\n\t\t\t\t\t\t\t\t\t<img loading=\"lazy\" decoding=\"async\" src=\"https:\/\/www.ariasassessors.com\/wp-content\/uploads\/2024\/12\/despacho_arias_1-1024x768.jpg\" alt=\"\" width=\"1024\" height=\"768\" \/>\t\t\t\t\t<span class=\"aig-gallery-hover\">\n\t\t\t\t\t\t\t\t\t\t\t<\/span>\n\t\t\t\t\t\t\t\t\t<\/a>\n\t\t\t\t\t\t\t<\/div>\n\t\t\t\t\t<div class=\"qode-aig-image\">\n\t\t\t\t\t\t\t\t\t<a itemprop=\"image\" class=\"qode-aig-lightbox qode-block-drag-link\" href=\"https:\/\/www.ariasassessors.com\/wp-content\/uploads\/2024\/12\/despacho_arias_2.jpg\" data-rel=\"prettyPhoto[image_gallery_pretty_photo-950]\" title=\"despacho_arias_2\">\n\t\t\t\t\t\t\t\t\t<img loading=\"lazy\" decoding=\"async\" src=\"https:\/\/www.ariasassessors.com\/wp-content\/uploads\/2024\/12\/despacho_arias_2-1024x768.jpg\" alt=\"\" width=\"1024\" height=\"768\" \/>\t\t\t\t\t<span class=\"aig-gallery-hover\">\n\t\t\t\t\t\t\t\t\t\t\t<\/span>\n\t\t\t\t\t\t\t\t\t<\/a>\n\t\t\t\t\t\t\t<\/div>\n\t\t\t\t\t<div class=\"qode-aig-image\">\n\t\t\t\t\t\t\t\t\t<a itemprop=\"image\" class=\"qode-aig-lightbox qode-block-drag-link\" href=\"https:\/\/www.ariasassessors.com\/wp-content\/uploads\/2024\/12\/despacho_arias_3.jpg\" data-rel=\"prettyPhoto[image_gallery_pretty_photo-950]\" title=\"despacho_arias_3\">\n\t\t\t\t\t\t\t\t\t<img loading=\"lazy\" decoding=\"async\" src=\"https:\/\/www.ariasassessors.com\/wp-content\/uploads\/2024\/12\/despacho_arias_3-1024x768.jpg\" alt=\"\" width=\"1024\" height=\"768\" \/>\t\t\t\t\t<span class=\"aig-gallery-hover\">\n\t\t\t\t\t\t\t\t\t\t\t<\/span>\n\t\t\t\t\t\t\t\t\t<\/a>\n\t\t\t\t\t\t\t<\/div>\n\t\t\t\t\t<div class=\"qode-aig-image\">\n\t\t\t\t\t\t\t\t\t<a itemprop=\"image\" class=\"qode-aig-lightbox qode-block-drag-link\" href=\"https:\/\/www.ariasassessors.com\/wp-content\/uploads\/2024\/12\/despacho_arias_4.jpg\" data-rel=\"prettyPhoto[image_gallery_pretty_photo-950]\" title=\"despacho_arias_4\">\n\t\t\t\t\t\t\t\t\t<img loading=\"lazy\" decoding=\"async\" src=\"https:\/\/www.ariasassessors.com\/wp-content\/uploads\/2024\/12\/despacho_arias_4-1024x768.jpg\" alt=\"\" width=\"1024\" height=\"768\" \/>\t\t\t\t\t<span class=\"aig-gallery-hover\">\n\t\t\t\t\t\t\t\t\t\t\t<\/span>\n\t\t\t\t\t\t\t\t\t<\/a>\n\t\t\t\t\t\t\t<\/div>\n\t\t\t\t\t<div class=\"qode-aig-image\">\n\t\t\t\t\t\t\t\t\t<a itemprop=\"image\" class=\"qode-aig-lightbox qode-block-drag-link\" href=\"https:\/\/www.ariasassessors.com\/wp-content\/uploads\/2024\/12\/despacho_arias_5.jpg\" data-rel=\"prettyPhoto[image_gallery_pretty_photo-950]\" title=\"despacho_arias_5\">\n\t\t\t\t\t\t\t\t\t<img loading=\"lazy\" decoding=\"async\" src=\"https:\/\/www.ariasassessors.com\/wp-content\/uploads\/2024\/12\/despacho_arias_5-1024x768.jpg\" alt=\"\" width=\"1024\" height=\"768\" \/>\t\t\t\t\t<span class=\"aig-gallery-hover\">\n\t\t\t\t\t\t\t\t\t\t\t<\/span>\n\t\t\t\t\t\t\t\t\t<\/a>\n\t\t\t\t\t\t\t<\/div>\n\t\t\t\t\t<div class=\"qode-aig-image\">\n\t\t\t\t\t\t\t\t\t<a itemprop=\"image\" class=\"qode-aig-lightbox qode-block-drag-link\" href=\"https:\/\/www.ariasassessors.com\/wp-content\/uploads\/2024\/12\/despacho_arias_6.jpg\" data-rel=\"prettyPhoto[image_gallery_pretty_photo-950]\" title=\"despacho_arias_6\">\n\t\t\t\t\t\t\t\t\t<img loading=\"lazy\" decoding=\"async\" src=\"https:\/\/www.ariasassessors.com\/wp-content\/uploads\/2024\/12\/despacho_arias_6-1024x768.jpg\" alt=\"\" width=\"1024\" height=\"768\" \/>\t\t\t\t\t<span class=\"aig-gallery-hover\">\n\t\t\t\t\t\t\t\t\t\t\t<\/span>\n\t\t\t\t\t\t\t\t\t<\/a>\n\t\t\t\t\t\t\t<\/div>\n\t\t\t\t\t<div class=\"qode-aig-image\">\n\t\t\t\t\t\t\t\t\t<a itemprop=\"image\" class=\"qode-aig-lightbox qode-block-drag-link\" href=\"https:\/\/www.ariasassessors.com\/wp-content\/uploads\/2024\/12\/despacho_arias_7.jpg\" data-rel=\"prettyPhoto[image_gallery_pretty_photo-950]\" title=\"despacho_arias_7\">\n\t\t\t\t\t\t\t\t\t<img loading=\"lazy\" decoding=\"async\" src=\"https:\/\/www.ariasassessors.com\/wp-content\/uploads\/2024\/12\/despacho_arias_7-1024x768.jpg\" alt=\"\" width=\"1024\" height=\"768\" \/>\t\t\t\t\t<span class=\"aig-gallery-hover\">\n\t\t\t\t\t\t\t\t\t\t\t<\/span>\n\t\t\t\t\t\t\t\t\t<\/a>\n\t\t\t\t\t\t\t<\/div>\n\t\t\t\t\t<div class=\"qode-aig-image\">\n\t\t\t\t\t\t\t\t\t<a itemprop=\"image\" class=\"qode-aig-lightbox qode-block-drag-link\" href=\"https:\/\/www.ariasassessors.com\/wp-content\/uploads\/2024\/12\/despacho_arias_9-rotated.jpg\" data-rel=\"prettyPhoto[image_gallery_pretty_photo-950]\" title=\"despacho_arias_9\">\n\t\t\t\t\t\t\t\t\t<img loading=\"lazy\" decoding=\"async\" src=\"https:\/\/www.ariasassessors.com\/wp-content\/uploads\/2024\/12\/despacho_arias_9-rotated-1024x768.jpg\" alt=\"\" width=\"1024\" height=\"768\" \/>\t\t\t\t\t<span class=\"aig-gallery-hover\">\n\t\t\t\t\t\t\t\t\t\t\t<\/span>\n\t\t\t\t\t\t\t\t\t<\/a>\n\t\t\t\t\t\t\t<\/div>\n\t\t\t<\/div>\n<\/div>[vc_separator type=&#8221;normal&#8221; up=&#8221;35&#8243;][\/vc_column][\/vc_row][vc_row css_animation=&#8221;element_from_bottom&#8221; row_type=&#8221;row&#8221; use_row_as_full_screen_section=&#8221;no&#8221; type=&#8221;grid&#8221; angled_section=&#8221;no&#8221; text_align=&#8221;left&#8221; background_image_as_pattern=&#8221;without_pattern&#8221; z_index=&#8221;&#8221; css=&#8221;.vc_custom_1549212284535{margin-bottom: 60px !important;}&#8221;][vc_column width=&#8221;1\/2&#8243;][vc_single_image image=&#8221;494&#8243; img_size=&#8221;full&#8221; qode_css_animation=&#8221;&#8221; css=&#8221;.vc_custom_1549209483495{margin-bottom: 20px !important;}&#8221;][\/vc_column][vc_column width=&#8221;1\/2&#8243;][vc_column_text]<\/p>\n<h2>Empresaris<\/h2>\n<p>Tant si \u00e9s aut\u00f2nom com societat, i necessita o disposa de treballadors, el nostre Departament Laboral gestiona les seves n\u00f2mines i Seguretat Social, el guia i assessora en mat\u00e8ria de contractaci\u00f3, IRPF, acomiadaments, baixes, riscos laborals i tot all\u00f2 relacionat amb els recursos humans de la seva empresa[\/vc_column_text][vc_separator type=&#8221;transparent&#8221; up=&#8221;10&#8243; down=&#8221;10&#8243;]\n\n\t<a href=\"https:\/\/www.ariasassessors.com\/ca\/laboral\/\" target=\"_self\" style=\"color: #ffffff;background-color: #19b1e7;font-size: 16px;font-weight: 600;letter-spacing: 3px;margin: 0px 0px 20px 0px\" class=\"qode-btn qode-btn-medium qode-btn-solid qode-btn-custom-hover-bg qode-btn-custom-hover-color qode-btn-custom-icon-bg-hover-color qode-btn-icon qode-btn-icon-rotate\" data-hover-bg-color=\"#1268a0\" data-hover-color=\"#ffffff\" >\n\t    <span class=\"qode-btn-text\">M\u00e9s informaci\u00f3<\/span><span class=\"qode-button-v2-icon-holder\" style=\"border-color: #ffffff;background-color: #1268a0\" data-hover-icon-border-color=\"#ffffff\" data-hover-icon-bg-color=\"#19b1e7\"><span aria-hidden=\"true\" class=\"qode_icon_font_elegant arrow_carrot-right qode-button-v2-icon-holder-inner\" ><\/span><\/span>\t<\/a>\n\n[\/vc_column][\/vc_row][vc_row css_animation=&#8221;element_from_bottom&#8221; row_type=&#8221;row&#8221; use_row_as_full_screen_section=&#8221;no&#8221; type=&#8221;grid&#8221; angled_section=&#8221;no&#8221; text_align=&#8221;left&#8221; background_image_as_pattern=&#8221;without_pattern&#8221; z_index=&#8221;&#8221; css=&#8221;.vc_custom_1549212268454{margin-bottom: 60px !important;}&#8221; el_class=&#8221;home-inv&#8221;][vc_column width=&#8221;1\/2&#8243; el_class=&#8221;col-text&#8221;][vc_column_text]<\/p>\n<h2>Societats<\/h2>\n<p>Des de la constituci\u00f3 de la seva societat, fins a la gesti\u00f3 integra i professional de la seva comptabilitat, amb l\u2019assessorament fiscal adequat i acomplint amb tota la normativa tribut\u00e0ria i mercantil. Som especialistes en IVA, Impost de Societats i agilitzem la presentaci\u00f3 de Llibres i Comptes Anuals al Registre Mercantil corresponent.[\/vc_column_text][vc_separator type=&#8221;transparent&#8221; up=&#8221;10&#8243; down=&#8221;10&#8243;]\n\n\t<a href=\"https:\/\/ariasassessors.com\/ca\/societats\/\" target=\"_self\" style=\"color: #ffffff;background-color: #19b1e7;font-size: 16px;font-weight: 600;letter-spacing: 3px;margin: 0px 0px 20px 0px\" class=\"qode-btn qode-btn-medium qode-btn-solid qode-btn-custom-hover-bg qode-btn-custom-hover-color qode-btn-custom-icon-bg-hover-color qode-btn-icon qode-btn-icon-rotate\" data-hover-bg-color=\"#1268a0\" data-hover-color=\"#ffffff\" >\n\t    <span class=\"qode-btn-text\">M\u00e9s informaci\u00f3<\/span><span class=\"qode-button-v2-icon-holder\" style=\"border-color: #ffffff;background-color: #1268a0\" data-hover-icon-border-color=\"#ffffff\" data-hover-icon-bg-color=\"#19b1e7\"><span aria-hidden=\"true\" class=\"qode_icon_font_elegant arrow_carrot-right qode-button-v2-icon-holder-inner\" ><\/span><\/span>\t<\/a>\n\n[\/vc_column][vc_column width=&#8221;1\/2&#8243; el_class=&#8221;col-img&#8221;][vc_single_image image=&#8221;499&#8243; img_size=&#8221;full&#8221; qode_css_animation=&#8221;&#8221; css=&#8221;.vc_custom_1549211812312{margin-bottom: 20px !important;}&#8221;][\/vc_column][\/vc_row][vc_row css_animation=&#8221;element_from_bottom&#8221; row_type=&#8221;row&#8221; use_row_as_full_screen_section=&#8221;no&#8221; type=&#8221;grid&#8221; angled_section=&#8221;no&#8221; text_align=&#8221;left&#8221; background_image_as_pattern=&#8221;without_pattern&#8221; z_index=&#8221;&#8221; css=&#8221;.vc_custom_1549212262765{margin-bottom: 60px !important;}&#8221;][vc_column width=&#8221;1\/2&#8243;][vc_single_image image=&#8221;497&#8243; img_size=&#8221;full&#8221; qode_css_animation=&#8221;&#8221; css=&#8221;.vc_custom_1549211832208{margin-bottom: 20px !important;}&#8221;][\/vc_column][vc_column width=&#8221;1\/2&#8243;][vc_column_text]<\/p>\n<h2>Aut\u00f2noms i professionals<\/h2>\n<p>Per a tots els aut\u00f2noms i professionals \u201cfreelance\u201d, els oferim una gesti\u00f3 professional i ajustada a les seves necessitats i possibilitats, en mat\u00e8ria fiscal i tributaci\u00f3, llibres comptables i facturaci\u00f3, i el millor assessorament per tal de reduir al m\u00e0xim els costos en mat\u00e8ria fiscal aix\u00ed com agilitzar tots els tr\u00e0mits administratius necessaris[\/vc_column_text][vc_separator type=&#8221;transparent&#8221; up=&#8221;10&#8243; down=&#8221;10&#8243;]\n\n\t<a href=\"https:\/\/www.ariasassessors.com\/ca\/autonoms-i-professionals\/\" target=\"_self\" style=\"color: #ffffff;background-color: #19b1e7;font-size: 16px;font-weight: 600;letter-spacing: 3px;margin: 0px 0px 20px 0px\" class=\"qode-btn qode-btn-medium qode-btn-solid qode-btn-custom-hover-bg qode-btn-custom-hover-color qode-btn-custom-icon-bg-hover-color qode-btn-icon qode-btn-icon-rotate\" data-hover-bg-color=\"#1268a0\" data-hover-color=\"#ffffff\" >\n\t    <span class=\"qode-btn-text\">M\u00e9s informaci\u00f3<\/span><span class=\"qode-button-v2-icon-holder\" style=\"border-color: #ffffff;background-color: #1268a0\" data-hover-icon-border-color=\"#ffffff\" data-hover-icon-bg-color=\"#19b1e7\"><span aria-hidden=\"true\" class=\"qode_icon_font_elegant arrow_carrot-right qode-button-v2-icon-holder-inner\" ><\/span><\/span>\t<\/a>\n\n[\/vc_column][\/vc_row][vc_row css_animation=&#8221;element_from_bottom&#8221; row_type=&#8221;row&#8221; use_row_as_full_screen_section=&#8221;no&#8221; type=&#8221;grid&#8221; angled_section=&#8221;no&#8221; text_align=&#8221;left&#8221; background_image_as_pattern=&#8221;without_pattern&#8221; z_index=&#8221;&#8221; css=&#8221;.vc_custom_1549212255742{margin-bottom: 60px !important;}&#8221; el_class=&#8221;home-inv&#8221;][vc_column width=&#8221;1\/2&#8243; el_class=&#8221;col-text&#8221;][vc_column_text]<\/p>\n<h2>Particulars<\/h2>\n<p>Disposem d\u2019un ampli ventall de serveis per a clients particulars, des de la campanya anual de Declaracions de Renda IRPF i Patrimoni, aix\u00ed com gestions en Ajuntaments, Tr\u00e0fic, assegurances de la llar, vehicles, vida i productes financers i d\u2019estalvi a la seva mida[\/vc_column_text][vc_separator type=&#8221;transparent&#8221; up=&#8221;10&#8243; down=&#8221;10&#8243;]\n\n\t<a href=\"https:\/\/ariasassessors.com\/ca\/particulars\/\" target=\"_self\" style=\"color: #ffffff;background-color: #19b1e7;font-size: 16px;font-weight: 600;letter-spacing: 3px;margin: 0px 0px 20px 0px\" class=\"qode-btn qode-btn-medium qode-btn-solid qode-btn-custom-hover-bg qode-btn-custom-hover-color qode-btn-custom-icon-bg-hover-color qode-btn-icon qode-btn-icon-rotate\" data-hover-bg-color=\"#1268a0\" data-hover-color=\"#ffffff\" >\n\t    <span class=\"qode-btn-text\">M\u00e9s informaci\u00f3<\/span><span class=\"qode-button-v2-icon-holder\" style=\"border-color: #ffffff;background-color: #1268a0\" data-hover-icon-border-color=\"#ffffff\" data-hover-icon-bg-color=\"#19b1e7\"><span aria-hidden=\"true\" class=\"qode_icon_font_elegant arrow_carrot-right qode-button-v2-icon-holder-inner\" ><\/span><\/span>\t<\/a>\n\n[\/vc_column][vc_column width=&#8221;1\/2&#8243; el_class=&#8221;col-img&#8221;][vc_single_image image=&#8221;502&#8243; img_size=&#8221;full&#8221; qode_css_animation=&#8221;&#8221; css=&#8221;.vc_custom_1550512777988{margin-bottom: 20px !important;}&#8221;][\/vc_column][\/vc_row][vc_row css_animation=&#8221;element_from_bottom&#8221; row_type=&#8221;row&#8221; use_row_as_full_screen_section=&#8221;no&#8221; type=&#8221;grid&#8221; angled_section=&#8221;no&#8221; text_align=&#8221;left&#8221; background_image_as_pattern=&#8221;without_pattern&#8221; z_index=&#8221;&#8221; css=&#8221;.vc_custom_1549212248378{margin-bottom: 60px !important;}&#8221;][vc_column width=&#8221;1\/2&#8243;][vc_single_image image=&#8221;501&#8243; img_size=&#8221;full&#8221; qode_css_animation=&#8221;&#8221; css=&#8221;.vc_custom_1549521720795{margin-bottom: 20px !important;}&#8221;][\/vc_column][vc_column width=&#8221;1\/2&#8243;][vc_column_text]<\/p>\n<h2>\u00c0rea jur\u00eddica<\/h2>\n<p>Amb professionals associats especialitzats en els diferents \u00e0mbits del Dret, donem sortida als seus procediments civils i mercantils, demandes, reclamaci\u00f3 d\u2019impagaments, Dret de fam\u00edlia i her\u00e8ncies, Protecci\u00f3 de Dades i Compliance empresarial aix\u00ed com un gabinet especialitzat en mat\u00e8ria laboral, acomiadaments, CMAC i demandes laborals.[\/vc_column_text][vc_separator type=&#8221;transparent&#8221; up=&#8221;10&#8243; down=&#8221;10&#8243;]\n\n\t<a href=\"https:\/\/www.ariasassessors.com\/ca\/juridic\/\" target=\"_self\" style=\"color: #ffffff;background-color: #19b1e7;font-size: 16px;font-weight: 600;letter-spacing: 3px;margin: 0px 0px 20px 0px\" class=\"qode-btn qode-btn-medium qode-btn-solid qode-btn-custom-hover-bg qode-btn-custom-hover-color qode-btn-custom-icon-bg-hover-color qode-btn-icon qode-btn-icon-rotate\" data-hover-bg-color=\"#1268a0\" data-hover-color=\"#ffffff\" >\n\t    <span class=\"qode-btn-text\">M\u00e9s informaci\u00f3<\/span><span class=\"qode-button-v2-icon-holder\" style=\"border-color: #ffffff;background-color: #1268a0\" data-hover-icon-border-color=\"#ffffff\" data-hover-icon-bg-color=\"#19b1e7\"><span aria-hidden=\"true\" class=\"qode_icon_font_elegant arrow_carrot-right qode-button-v2-icon-holder-inner\" ><\/span><\/span>\t<\/a>\n\n[\/vc_column][\/vc_row][vc_row css_animation=&#8221;&#8221; row_type=&#8221;row&#8221; use_row_as_full_screen_section=&#8221;no&#8221; type=&#8221;grid&#8221; angled_section=&#8221;no&#8221; text_align=&#8221;left&#8221; background_image_as_pattern=&#8221;without_pattern&#8221; el_class=&#8221;noticias&#8221; z_index=&#8221;&#8221; css=&#8221;.vc_custom_1549212316885{padding-top: 20px !important;background-image: url(https:\/\/ariasassessors.com\/wp-content\/uploads\/2019\/02\/noticias.jpg?id=71) !important;}&#8221;][vc_column][vc_separator type=&#8221;transparent&#8221; up=&#8221;20&#8243;][vc_column_text]<\/p>\n<h2 style=\"text-align: center; color: #fff; font-size: 30px;\">Not\u00edcies<\/h2>\n<p>[\/vc_column_text][vc_separator type=&#8221;transparent&#8221; up=&#8221;20&#8243;]<div class='latest_post_two_holder three_columns'><ul><li class=\"clearfix\"><div class=\"latest_post_two_image\"><a itemprop=\"url\" href=\"https:\/\/www.ariasassessors.com\/ca\/com-deduir-el-telefon-mobil-i-linternet-sent-autonom\/\"><img loading=\"lazy\" decoding=\"async\" width=\"800\" height=\"600\" src=\"https:\/\/www.ariasassessors.com\/wp-content\/uploads\/2026\/04\/Com-deduir-el-telefon-mobil-i-linternet-sent-autonom-800x600.png\" class=\"attachment-portfolio-landscape size-portfolio-landscape wp-post-image\" alt=\"Com deduir el tel\u00e8fon m\u00f2bil i l&#039;internet sent aut\u00f2nom\" \/><\/a><\/div><div class=\"latest_post_two_inner\" ><div class=\"latest_post_two_text\"><h3 itemprop=\"name\" class=\"latest_post_two_title entry_title\"><a itemprop=\"url\" href=\"https:\/\/www.ariasassessors.com\/ca\/com-deduir-el-telefon-mobil-i-linternet-sent-autonom\/\" >Com deduir el tel\u00e8fon m\u00f2bil i l&#8217;internet sent aut\u00f2nom: el que accepta Hisenda el 2026<\/a><\/h3><div class=\"separator small left \" ><\/div><p itemprop=\"description\" class=\"latest_post_two_excerpt\" >El tel\u00e8fon m\u00f2bil i la connexi\u00f3 a internet s\u00f3n, per a la gran majoria d&#8217;aut\u00f2noms, eines de treball tan imprescindibles com qualsevol altre equip. I, malgrat aix\u00f2, s\u00f3n dues de les despeses que m\u00e9s<\/p><\/div><div class=\"latest_post_two_info\" ><div class=\"latest_post_two_info_inner\" ><div class=\"post_info_author\"><img alt='Author Image' src='https:\/\/secure.gravatar.com\/avatar\/0531db351fc361fdbfd204c58fa2d6a3?s=30&#038;d=mm&#038;r=g' srcset='https:\/\/secure.gravatar.com\/avatar\/0531db351fc361fdbfd204c58fa2d6a3?s=60&#038;d=mm&#038;r=g 2x' class='avatar avatar-30 photo' height='30' width='30' \/><span class=\"post_info_author_name\">btorras<\/span><\/div><div itemprop=\"dateCreated\" class=\"post_info_date entry_date updated\">20 abril, 2026<meta itemprop=\"interactionCount\" content=\"UserComments: <?php echo get_comments_number(qode_get_page_id()); ?>\"\/><\/div><\/div><\/div><\/div><\/li><li class=\"clearfix\"><div class=\"latest_post_two_image\"><a itemprop=\"url\" href=\"https:\/\/www.ariasassessors.com\/ca\/com-ajornar-impostos-com-a-autonom-el-2026\/\"><img loading=\"lazy\" decoding=\"async\" width=\"800\" height=\"600\" src=\"https:\/\/www.ariasassessors.com\/wp-content\/uploads\/2026\/04\/Com-ajornar-impostos-com-a-autonom-el-2026-800x600.png\" class=\"attachment-portfolio-landscape size-portfolio-landscape wp-post-image\" alt=\"Com ajornar impostos com a aut\u00f2nom el 2026\" \/><\/a><\/div><div class=\"latest_post_two_inner\" ><div class=\"latest_post_two_text\"><h3 itemprop=\"name\" class=\"latest_post_two_title entry_title\"><a itemprop=\"url\" href=\"https:\/\/www.ariasassessors.com\/ca\/com-ajornar-impostos-com-a-autonom-el-2026\/\" >Com ajornar impostos com a aut\u00f2nom el 2026: terminis, l\u00edmits i deutes inajornables<\/a><\/h3><div class=\"separator small left \" ><\/div><p itemprop=\"description\" class=\"latest_post_two_excerpt\" >Quan la liquiditat no arriba a temps per cobrir una obligaci\u00f3 fiscal, l&#8217;ajornament \u00e9s el mecanisme legal que l&#8217;Ag\u00e8ncia Tribut\u00e0ria posa a disposici\u00f3 d&#8217;aut\u00f2noms i empreses. No \u00e9s una s<\/p><\/div><div class=\"latest_post_two_info\" ><div class=\"latest_post_two_info_inner\" ><div class=\"post_info_author\"><img alt='Author Image' src='https:\/\/secure.gravatar.com\/avatar\/0531db351fc361fdbfd204c58fa2d6a3?s=30&#038;d=mm&#038;r=g' srcset='https:\/\/secure.gravatar.com\/avatar\/0531db351fc361fdbfd204c58fa2d6a3?s=60&#038;d=mm&#038;r=g 2x' class='avatar avatar-30 photo' height='30' width='30' \/><span class=\"post_info_author_name\">btorras<\/span><\/div><div itemprop=\"dateCreated\" class=\"post_info_date entry_date updated\">13 abril, 2026<meta itemprop=\"interactionCount\" content=\"UserComments: <?php echo get_comments_number(qode_get_page_id()); ?>\"\/><\/div><\/div><\/div><\/div><\/li><li class=\"clearfix\"><div class=\"latest_post_two_image\"><a itemprop=\"url\" href=\"https:\/\/www.ariasassessors.com\/ca\/europa-porta-espanya-als-tribunals-per-no-eliminar-liva\/\"><img loading=\"lazy\" decoding=\"async\" width=\"800\" height=\"600\" src=\"https:\/\/www.ariasassessors.com\/wp-content\/uploads\/2026\/04\/Europa-porta-Espanya-als-tribunals-per-no-eliminar-lIVA-800x600.png\" class=\"attachment-portfolio-landscape size-portfolio-landscape wp-post-image\" alt=\"Europa porta Espanya als tribunals per no eliminar l&#039;IVA\" \/><\/a><\/div><div class=\"latest_post_two_inner\" ><div class=\"latest_post_two_text\"><h3 itemprop=\"name\" class=\"latest_post_two_title entry_title\"><a itemprop=\"url\" href=\"https:\/\/www.ariasassessors.com\/ca\/europa-porta-espanya-als-tribunals-per-no-eliminar-liva\/\" >Europa porta Espanya als tribunals per no eliminar l&#8217;IVA a milers d&#8217;aut\u00f2noms que treballen en altres pa\u00efsos<\/a><\/h3><div class=\"separator small left \" ><\/div><p itemprop=\"description\" class=\"latest_post_two_excerpt\" >La Comissi\u00f3 Europea ha decidit portar Espanya davant el Tribunal de Just\u00edcia de la Uni\u00f3 Europea (TJUE) per no aplicar correctament la normativa comunit\u00e0ria sobre l&#8217;Impost sobre el Valor Afegit (<\/p><\/div><div class=\"latest_post_two_info\" ><div class=\"latest_post_two_info_inner\" ><div class=\"post_info_author\"><img alt='Author Image' src='https:\/\/secure.gravatar.com\/avatar\/0531db351fc361fdbfd204c58fa2d6a3?s=30&#038;d=mm&#038;r=g' srcset='https:\/\/secure.gravatar.com\/avatar\/0531db351fc361fdbfd204c58fa2d6a3?s=60&#038;d=mm&#038;r=g 2x' class='avatar avatar-30 photo' height='30' width='30' \/><span class=\"post_info_author_name\">btorras<\/span><\/div><div itemprop=\"dateCreated\" class=\"post_info_date entry_date updated\">06 abril, 2026<meta itemprop=\"interactionCount\" content=\"UserComments: <?php echo get_comments_number(qode_get_page_id()); ?>\"\/><\/div><\/div><\/div><\/div><\/li><\/ul><\/div>[vc_row_inner row_type=&#8221;row&#8221; type=&#8221;full_width&#8221; text_align=&#8221;left&#8221; css_animation=&#8221;&#8221; css=&#8221;.vc_custom_1631691999611{padding-top: 20px !important;padding-bottom: 80px !important;}&#8221;][vc_column_inner][vc_column_text]<\/p>\n<h2><span style=\"color: #ffffff;\">Consells pr\u00e0ctics i temes d&#8217;actualitat<\/span><\/h2>\n<p>[\/vc_column_text][vc_column_text css=&#8221;.vc_custom_1631692120767{margin-bottom: 20px !important;}&#8221;]<span style=\"color: #ffffff;\">Descobreix els millors consells per entendre i optimitzar les teves gestions.<\/span>[\/vc_column_text]\n\n\t<a href=\"https:\/\/www.ariasassessors.com\/ca\/consells-practics-i-temes-dactualitat\/\" target=\"_self\" style=\"color: #ffffff;background-color: #19b1e7;font-size: 16px;font-weight: 600;letter-spacing: 3px;margin: 20px 0px 20px 0px\" class=\"qode-btn qode-btn-medium qode-btn-solid qode-btn-custom-hover-bg qode-btn-custom-hover-color qode-btn-custom-icon-bg-hover-color qode-btn-icon qode-btn-icon-rotate\" data-hover-bg-color=\"#1268a0\" data-hover-color=\"#ffffff\" >\n\t    <span class=\"qode-btn-text\">Veure consells<\/span><span class=\"qode-button-v2-icon-holder\" style=\"border-color: #ffffff;background-color: #1268a0\" data-hover-icon-border-color=\"#ffffff\" data-hover-icon-bg-color=\"#19b1e7\"><span aria-hidden=\"true\" class=\"qode_icon_font_elegant arrow_carrot-right qode-button-v2-icon-holder-inner\" ><\/span><\/span>\t<\/a>\n\n[\/vc_column_inner][\/vc_row_inner][\/vc_column][\/vc_row][vc_row css_animation=&#8221;&#8221; row_type=&#8221;row&#8221; use_row_as_full_screen_section=&#8221;no&#8221; type=&#8221;grid&#8221; angled_section=&#8221;no&#8221; text_align=&#8221;left&#8221; background_image_as_pattern=&#8221;without_pattern&#8221; css=&#8221;.vc_custom_1549213354315{margin-top: 60px !important;}&#8221; z_index=&#8221;&#8221;][vc_column][vc_column_text]<\/p>\n<h2 style=\"text-align: center; color: #1268a0; font-size: 30px;\">Els nostres clients opinen<\/h2>\n<p>[\/vc_column_text][vc_separator type=&#8221;transparent&#8221; up=&#8221;20&#8243;]<div class='testimonials_c_holder clearfix dark'><div class=\"testimonials_c testimonials_c_carousel\" data-show-navigation=\"yes\" data-animation-speed=\"\" data-auto-rotate-slides=\"15\" data-number-per-slide=\"1\"><ul class=\"slides\"><li id=\"testimonials-c-516\" class=\"testimonial_content\"><div class=\"testimonial_content_inner\"><div class=\"testimonial_text_holder\"><div class=\"testimonial_text_inner\" style=\"\"><p>\"Agraeixo l\u2019ajuda i no les \u201caturades\u201d amb la qual els professionals d\u2019Arias Assessors responen a les meves necessitats. En un m\u00f3n global tan accelerat necessites envoltar-te d\u2019eines s\u00f2lides, r\u00e0pides i segures, o d\u2019altra manera se\u2019t menja la compet\u00e8ncia  i la \u201cLlei\u201d. Arias disposa d\u2019aquestes eines i la seva manera de fer fa que treballar amb ells sigui un valor assegurat.\"<\/p><p class=\"testimonial_author\" style=\"font-weight: 500;font-size: 16px;\">Xavier Larrosa, administrador de <strong>restaurant Telepizza<\/strong><\/p><\/div><\/div><\/div><\/li><li id=\"testimonials-c-1308\" class=\"testimonial_content\"><div class=\"testimonial_content_inner\"><div class=\"testimonial_text_holder\"><div class=\"testimonial_text_inner\" style=\"\"><p>Molt professionals, m'ajuden a gestionar la meva empresa amb el seu assessorament i professionalitat. Compten amb un equip molt hum\u00e0, que sempre est\u00e0 disposat a ajudar-te.<\/p><p class=\"testimonial_author\" style=\"font-weight: 500;font-size: 16px;\">Sandra Ram\u00edrez <strong>Corpoestetic<\/strong><\/p><\/div><\/div><\/div><\/li><li id=\"testimonials-c-566\" class=\"testimonial_content\"><div class=\"testimonial_content_inner\"><div class=\"testimonial_text_holder\"><div class=\"testimonial_text_inner\" style=\"\"><p>\u201cSens dubte la millor gestoria on m'han at\u00e8s. Atenci\u00f3 personalitzada, r\u00e0pida i sobretot sempre amb una resposta efectiva i immediata. Per sobre de tot tracte cordial i sempre amb moltes ganes de trobar la millor resposta per al client. Qualitat preu immillorable\u201d<\/p><p class=\"testimonial_author\" style=\"font-weight: 500;font-size: 16px;\">David Carnasa, administrador de <strong>Opos Barcelona<\/strong><\/p><\/div><\/div><\/div><\/li><li id=\"testimonials-c-518\" class=\"testimonial_content\"><div class=\"testimonial_content_inner\"><div class=\"testimonial_text_holder\"><div class=\"testimonial_text_inner\" style=\"\"><p>\"We had been looking for a new accountant for a while until one of our partners recommended Arias accountancy. \r\nSince then, not only have we been getting a very professional service, but they have also helped us in many aspects of our business. Amazing customer service and very fast to respond to all our queries and concerns. Changing over to Arias has made a huge difference for us and we are very happy. \"<\/p><p class=\"testimonial_author\" style=\"font-weight: 500;font-size: 16px;\">Steve Peter Janos, Gerente de <strong>Excursions Barcelona<\/strong><\/p><\/div><\/div><\/div><\/li><li id=\"testimonials-c-514\" class=\"testimonial_content\"><div class=\"testimonial_content_inner\"><div class=\"testimonial_text_holder\"><div class=\"testimonial_text_inner\" style=\"\"><p>\u201cSincerament estic satisfet amb el vostre seguiment i gesti\u00f3 dels impostos, i en general, em sento at\u00e8s en les consultes que us faig habitualment. Trobo que la relaci\u00f3 qualitat \u2013 preu \u00e9s sobradament bona comparada amb el que es pot trobar avui en dia en el vostre sector. Continueu pel mateix cam\u00ed ja que us portar\u00e0 a l\u2019\u00e8xit assegurat!\u201d<\/p><p class=\"testimonial_author\" style=\"font-weight: 500;font-size: 16px;\">\u00c1lex Gonz\u00e1lez <strong>Aut\u00f3nomo \u2013 Comercial<\/strong><\/p><\/div><\/div><\/div><\/li><li id=\"testimonials-c-517\" class=\"testimonial_content\"><div class=\"testimonial_content_inner\"><div class=\"testimonial_text_holder\"><div class=\"testimonial_text_inner\" style=\"\"><p>\"Han aconseguit guanyar-se la meva confian\u00e7a gr\u00e0cies a la seva professionalitat i al seu tracte proper. Despr\u00e9s d\u2019alguna mala experi\u00e8ncia treballant amb d\u2019altres gestories, vaig decidir provar amb Arias Assessors i no puc estar m\u00e9s content. Els recomano sense cap dubte.\"<\/p><p class=\"testimonial_author\" style=\"font-weight: 500;font-size: 16px;\">Gabriel Morales Freelance de <strong> Dise\u00f1o Gr\u00e1fico Dorian<\/strong><\/p><\/div><\/div><\/div><\/li><li id=\"testimonials-c-564\" class=\"testimonial_content\"><div class=\"testimonial_content_inner\"><div class=\"testimonial_text_holder\"><div class=\"testimonial_text_inner\" style=\"\"><p>\u201cTenir la garantia que els assumptes laborals i jur\u00eddics de la teva empresa estan en bones mans, \u00e9s fonamental per a qualsevol negoci. Amb l'equip d'Arias Assesors aquesta garantia est\u00e0 assegurada\u201d<\/p><p class=\"testimonial_author\" style=\"font-weight: 500;font-size: 16px;\">Enrique Garcelan, socio administrador de <strong>Cineasia<\/strong><\/p><\/div><\/div><\/div><\/li><li id=\"testimonials-c-513\" class=\"testimonial_content\"><div class=\"testimonial_content_inner\"><div class=\"testimonial_text_holder\"><div class=\"testimonial_text_inner\" style=\"\"><p>\u201cGestoria 100% recomanable a Barcelona. Bon tracte amb el client, tracte pr\u00f2xim, r\u00e0pid i molt efica\u00e7os per a qualsevol gesti\u00f3. Mai vaig tenir cap problema amb ells\u201d<\/p><p class=\"testimonial_author\" style=\"font-weight: 500;font-size: 16px;\">Miguel \u00c1ngel Bailo, gerente de <strong>Intsaba capital <\/strong><\/p><\/div><\/div><\/div><\/li><li id=\"testimonials-c-515\" class=\"testimonial_content\"><div class=\"testimonial_content_inner\"><div class=\"testimonial_text_holder\"><div class=\"testimonial_text_inner\" style=\"\"><p>\u201cI contacted Arias Assessors through a recommendation from a close friend few years ago. Close - quick feed back-, professional, constantly updating on rights and taxes\u2026\r\nToday, I can say that I cannot be in better hands!\u201d<\/p><p class=\"testimonial_author\" style=\"font-weight: 500;font-size: 16px;\">Candice Sipkes Francotte de <strong>The Prompter Factory <\/strong><\/p><\/div><\/div><\/div><\/li><\/ul><\/div><\/div>[\/vc_column][\/vc_row]<\/p>\n","protected":false},"excerpt":{"rendered":"<p>[vc_row css_animation=&#8221;element_from_fade&#8221; row_type=&#8221;row&#8221; use_row_as_full_screen_section=&#8221;no&#8221; type=&#8221;grid&#8221; angled_section=&#8221;no&#8221; text_align=&#8221;center&#8221; background_image_as_pattern=&#8221;without_pattern&#8221; el_class=&#8221;presentacion&#8221; z_index=&#8221;&#8221; css=&#8221;.vc_custom_1549521981174{margin-top: 80px !important;margin-bottom: 80px !important;}&#8221;][vc_column][vc_separator type=&#8221;transparent&#8221; up=&#8221;40&#8243; down=&#8221;10&#8243;][vc_column_text] La teva assessoria a Barcelona [\/vc_column_text][vc_column_text]Amb m\u00e9s de 25 anys d\u2019experi\u00e8ncia, Arias Assessors \u00e9s una assessoria situada al centre de Barcelona, que d\u00f3na resposta a les necessitats&#8230;<\/p>\n","protected":false},"author":1,"featured_media":0,"parent":0,"menu_order":0,"comment_status":"closed","ping_status":"closed","template":"full_width.php","meta":{"footnotes":""},"class_list":["post-493","page","type-page","status-publish","hentry"],"yoast_head":"<!-- This site is optimized with the Yoast SEO plugin v24.3 - https:\/\/yoast.com\/wordpress\/plugins\/seo\/ -->\n<title>Arias Assessors | La teva assessoria a Barcelona<\/title>\n<meta name=\"description\" content=\"Arias Assessors situat al centre de Barcelona, d\u00f3na resposta a les necessitats d\u2019aut\u00f2noms i professionals, aix\u00ed com a petita i mitjana empresa\" \/>\n<meta name=\"robots\" content=\"index, follow, max-snippet:-1, max-image-preview:large, max-video-preview:-1\" \/>\n<link rel=\"canonical\" href=\"https:\/\/www.ariasassessors.com\/ca\/\" \/>\n<meta property=\"og:locale\" content=\"ca_ES\" \/>\n<meta property=\"og:type\" content=\"article\" \/>\n<meta property=\"og:title\" content=\"Arias Assessors | La teva assessoria a Barcelona\" \/>\n<meta property=\"og:description\" content=\"Arias Assessors situat al centre de Barcelona, d\u00f3na resposta a les necessitats d\u2019aut\u00f2noms i professionals, aix\u00ed com a petita i mitjana empresa\" \/>\n<meta property=\"og:url\" content=\"https:\/\/www.ariasassessors.com\/ca\/\" \/>\n<meta property=\"og:site_name\" content=\"Arias Assessors\" \/>\n<meta property=\"article:publisher\" content=\"https:\/\/www.facebook.com\/ariasassessors\/\" \/>\n<meta property=\"article:modified_time\" content=\"2025-01-02T14:51:28+00:00\" \/>\n<meta name=\"twitter:card\" content=\"summary_large_image\" \/>\n<meta name=\"twitter:site\" content=\"@ariasassessors\" \/>\n<meta name=\"twitter:label1\" content=\"Temps estimat de lectura\" \/>\n\t<meta name=\"twitter:data1\" content=\"4 minuts\" \/>\n<script type=\"application\/ld+json\" class=\"yoast-schema-graph\">{\"@context\":\"https:\/\/schema.org\",\"@graph\":[{\"@type\":\"WebPage\",\"@id\":\"https:\/\/www.ariasassessors.com\/ca\/\",\"url\":\"https:\/\/www.ariasassessors.com\/ca\/\",\"name\":\"Arias Assessors | La teva assessoria a Barcelona\",\"isPartOf\":{\"@id\":\"https:\/\/www.ariasassessors.com\/#website\"},\"datePublished\":\"2019-02-03T12:37:58+00:00\",\"dateModified\":\"2025-01-02T14:51:28+00:00\",\"description\":\"Arias Assessors situat al centre de Barcelona, d\u00f3na resposta a les necessitats d\u2019aut\u00f2noms i professionals, aix\u00ed com a petita i mitjana empresa\",\"breadcrumb\":{\"@id\":\"https:\/\/www.ariasassessors.com\/ca\/#breadcrumb\"},\"inLanguage\":\"ca\",\"potentialAction\":[{\"@type\":\"ReadAction\",\"target\":[\"https:\/\/www.ariasassessors.com\/ca\/\"]}]},{\"@type\":\"BreadcrumbList\",\"@id\":\"https:\/\/www.ariasassessors.com\/ca\/#breadcrumb\",\"itemListElement\":[{\"@type\":\"ListItem\",\"position\":1,\"name\":\"Portada\",\"item\":\"https:\/\/www.ariasassessors.com\/ca\/\"},{\"@type\":\"ListItem\",\"position\":2,\"name\":\"Home\"}]},{\"@type\":\"WebSite\",\"@id\":\"https:\/\/www.ariasassessors.com\/#website\",\"url\":\"https:\/\/www.ariasassessors.com\/\",\"name\":\"Arias Assessors\",\"description\":\"Asesor\u00eda para aut\u00f3nomos, profesionales y PYMES\",\"publisher\":{\"@id\":\"https:\/\/www.ariasassessors.com\/#organization\"},\"potentialAction\":[{\"@type\":\"SearchAction\",\"target\":{\"@type\":\"EntryPoint\",\"urlTemplate\":\"https:\/\/www.ariasassessors.com\/?s={search_term_string}\"},\"query-input\":{\"@type\":\"PropertyValueSpecification\",\"valueRequired\":true,\"valueName\":\"search_term_string\"}}],\"inLanguage\":\"ca\"},{\"@type\":\"Organization\",\"@id\":\"https:\/\/www.ariasassessors.com\/#organization\",\"name\":\"Arias Assessors\",\"url\":\"https:\/\/www.ariasassessors.com\/\",\"logo\":{\"@type\":\"ImageObject\",\"inLanguage\":\"ca\",\"@id\":\"https:\/\/www.ariasassessors.com\/#\/schema\/logo\/image\/\",\"url\":\"https:\/\/www.ariasassessors.com\/wp-content\/uploads\/2019\/01\/arias-logo.png\",\"contentUrl\":\"https:\/\/www.ariasassessors.com\/wp-content\/uploads\/2019\/01\/arias-logo.png\",\"width\":349,\"height\":254,\"caption\":\"Arias Assessors\"},\"image\":{\"@id\":\"https:\/\/www.ariasassessors.com\/#\/schema\/logo\/image\/\"},\"sameAs\":[\"https:\/\/www.facebook.com\/ariasassessors\/\",\"https:\/\/x.com\/ariasassessors\",\"https:\/\/www.linkedin.com\/company\/r&amp;amp;r-growing-knowledge\/\"]}]}<\/script>\n<!-- \/ Yoast SEO plugin. -->","yoast_head_json":{"title":"Arias Assessors | La teva assessoria a Barcelona","description":"Arias Assessors situat al centre de Barcelona, d\u00f3na resposta a les necessitats d\u2019aut\u00f2noms i professionals, aix\u00ed com a petita i mitjana empresa","robots":{"index":"index","follow":"follow","max-snippet":"max-snippet:-1","max-image-preview":"max-image-preview:large","max-video-preview":"max-video-preview:-1"},"canonical":"https:\/\/www.ariasassessors.com\/ca\/","og_locale":"ca_ES","og_type":"article","og_title":"Arias Assessors | La teva assessoria a Barcelona","og_description":"Arias Assessors situat al centre de Barcelona, d\u00f3na resposta a les necessitats d\u2019aut\u00f2noms i professionals, aix\u00ed com a petita i mitjana empresa","og_url":"https:\/\/www.ariasassessors.com\/ca\/","og_site_name":"Arias Assessors","article_publisher":"https:\/\/www.facebook.com\/ariasassessors\/","article_modified_time":"2025-01-02T14:51:28+00:00","twitter_card":"summary_large_image","twitter_site":"@ariasassessors","twitter_misc":{"Temps estimat de lectura":"4 minuts"},"schema":{"@context":"https:\/\/schema.org","@graph":[{"@type":"WebPage","@id":"https:\/\/www.ariasassessors.com\/ca\/","url":"https:\/\/www.ariasassessors.com\/ca\/","name":"Arias Assessors | La teva assessoria a Barcelona","isPartOf":{"@id":"https:\/\/www.ariasassessors.com\/#website"},"datePublished":"2019-02-03T12:37:58+00:00","dateModified":"2025-01-02T14:51:28+00:00","description":"Arias Assessors situat al centre de Barcelona, d\u00f3na resposta a les necessitats d\u2019aut\u00f2noms i professionals, aix\u00ed com a petita i mitjana empresa","breadcrumb":{"@id":"https:\/\/www.ariasassessors.com\/ca\/#breadcrumb"},"inLanguage":"ca","potentialAction":[{"@type":"ReadAction","target":["https:\/\/www.ariasassessors.com\/ca\/"]}]},{"@type":"BreadcrumbList","@id":"https:\/\/www.ariasassessors.com\/ca\/#breadcrumb","itemListElement":[{"@type":"ListItem","position":1,"name":"Portada","item":"https:\/\/www.ariasassessors.com\/ca\/"},{"@type":"ListItem","position":2,"name":"Home"}]},{"@type":"WebSite","@id":"https:\/\/www.ariasassessors.com\/#website","url":"https:\/\/www.ariasassessors.com\/","name":"Arias Assessors","description":"Asesor\u00eda para aut\u00f3nomos, profesionales y PYMES","publisher":{"@id":"https:\/\/www.ariasassessors.com\/#organization"},"potentialAction":[{"@type":"SearchAction","target":{"@type":"EntryPoint","urlTemplate":"https:\/\/www.ariasassessors.com\/?s={search_term_string}"},"query-input":{"@type":"PropertyValueSpecification","valueRequired":true,"valueName":"search_term_string"}}],"inLanguage":"ca"},{"@type":"Organization","@id":"https:\/\/www.ariasassessors.com\/#organization","name":"Arias Assessors","url":"https:\/\/www.ariasassessors.com\/","logo":{"@type":"ImageObject","inLanguage":"ca","@id":"https:\/\/www.ariasassessors.com\/#\/schema\/logo\/image\/","url":"https:\/\/www.ariasassessors.com\/wp-content\/uploads\/2019\/01\/arias-logo.png","contentUrl":"https:\/\/www.ariasassessors.com\/wp-content\/uploads\/2019\/01\/arias-logo.png","width":349,"height":254,"caption":"Arias Assessors"},"image":{"@id":"https:\/\/www.ariasassessors.com\/#\/schema\/logo\/image\/"},"sameAs":["https:\/\/www.facebook.com\/ariasassessors\/","https:\/\/x.com\/ariasassessors","https:\/\/www.linkedin.com\/company\/r&amp;amp;r-growing-knowledge\/"]}]}},"_links":{"self":[{"href":"https:\/\/www.ariasassessors.com\/ca\/wp-json\/wp\/v2\/pages\/493","targetHints":{"allow":["GET"]}}],"collection":[{"href":"https:\/\/www.ariasassessors.com\/ca\/wp-json\/wp\/v2\/pages"}],"about":[{"href":"https:\/\/www.ariasassessors.com\/ca\/wp-json\/wp\/v2\/types\/page"}],"author":[{"embeddable":true,"href":"https:\/\/www.ariasassessors.com\/ca\/wp-json\/wp\/v2\/users\/1"}],"replies":[{"embeddable":true,"href":"https:\/\/www.ariasassessors.com\/ca\/wp-json\/wp\/v2\/comments?post=493"}],"version-history":[{"count":28,"href":"https:\/\/www.ariasassessors.com\/ca\/wp-json\/wp\/v2\/pages\/493\/revisions"}],"predecessor-version":[{"id":4035,"href":"https:\/\/www.ariasassessors.com\/ca\/wp-json\/wp\/v2\/pages\/493\/revisions\/4035"}],"wp:attachment":[{"href":"https:\/\/www.ariasassessors.com\/ca\/wp-json\/wp\/v2\/media?parent=493"}],"curies":[{"name":"wp","href":"https:\/\/api.w.org\/{rel}","templated":true}]}}